{"id":14,"date":"2017-07-25T14:26:44","date_gmt":"2017-07-25T14:26:44","guid":{"rendered":"http:\/\/www.esteticaperlavita.com\/website\/?page_id=14"},"modified":"2017-07-28T08:36:15","modified_gmt":"2017-07-28T08:36:15","slug":"il-centro","status":"publish","type":"page","link":"https:\/\/esteticaperlavita.com\/website\/il-centro\/","title":{"rendered":"Il centro"},"content":{"rendered":"<p><img loading=\"lazy\" decoding=\"async\" class=\"wp-image-63 alignleft\" src=\"https:\/\/esteticaperlavita.com\/website\/wp-content\/uploads\/2017\/07\/centro_estetica_udine_studio_ieda_giaiotto_05-576x1024.jpg\" alt=\"\" width=\"240\" height=\"427\" srcset=\"https:\/\/esteticaperlavita.com\/website\/wp-content\/uploads\/2017\/07\/centro_estetica_udine_studio_ieda_giaiotto_05-576x1024.jpg 576w, https:\/\/esteticaperlavita.com\/website\/wp-content\/uploads\/2017\/07\/centro_estetica_udine_studio_ieda_giaiotto_05-169x300.jpg 169w, https:\/\/esteticaperlavita.com\/website\/wp-content\/uploads\/2017\/07\/centro_estetica_udine_studio_ieda_giaiotto_05-768x1365.jpg 768w, https:\/\/esteticaperlavita.com\/website\/wp-content\/uploads\/2017\/07\/centro_estetica_udine_studio_ieda_giaiotto_05.jpg 900w\" sizes=\"auto, (max-width: 240px) 100vw, 240px\" \/><span style=\"color: #3366ff;\"><strong>Professionalit\u00e0 prima regola&#8230;<\/strong> <\/span><\/p>\n<p>&#8230;e pulizia e qualit\u00e0 nel metodo. Il <strong>Centro Estetica e Massaggi Studio Ieda<\/strong> offre servizi al cliente a 360\u00b0 con l&#8217;obiettivo di accompagnarvi in un percorso di benessere, prendendosi cura di s\u00e8, mantenendosi pi\u00f9 giovani e sani pi\u00f9 a lungo, attraverso trattamenti specifici per il miglioramento della figura e della postura.<\/p>\n<p>Nel <strong>Centro Estetica e Massaggi Studio Ieda<\/strong> trovarai tutti i trattamenti estetici tradizionali, contraddistinti dall&#8217;alta qualit\u00e0 professionale.<\/p>\n<p>Dalla ceretta alla pedicure Top migliorativa, dalla pulizia del viso &#8211; in base alla necessit\u00e0 specifica ed alla stagione che vive la pelle &#8211; al trattamento &#8220;cancella rughe&#8221;. Molti altri servizi per la <strong>cura del volto<\/strong>, snellimento in centimetri, trattamenti di thalasso per il corpo bendaggi riducenti in caso di cattivo drenaggio linfatico attraverso manualit\u00e0 competenti e prodotti selezionati per ottenere un risultato adeguato.<\/p>\n<p>Lo studio, grazie alla professionalit\u00e0 di&nbsp;docenti specializzati in <strong>tecniche di massaggio<\/strong>, fornisce svariate tipologie di tratamento: dal relax al drenaggio profondo, riflessologia plantare, massaggio tensioriflessogeno &#8211; secondo il metodo dott. Calligaris, tecniche ajurveda, tecniche massaggio thailandese, Health tecnico sportivo, massaggio morfologico \/psicosomatico, massaggio estetico riducente su richiesta .<\/p>\n<p>In assoluta trasparenza e seriet\u00e0 ricordiamo che, pur utilizzando tecniche avantate ed avvalendosi di personale formato, con anni di esperienza, <strong>i nostri trattamenti non sono da interpretare come sostitutivi di tecniche terapeutiche o fisioterapiche<\/strong>.<\/p>\n<p>Il <strong>Centro Estetica e Massaggi Studio Ieda <\/strong>utilizza sistemi elettromedicali ad Uso Estetico approvati dalle normative europee vigenti che offrono totale sicurezza al cliente, massima professionait\u00e0 ed il risultato!<\/p>\n<p><span style=\"color: #3366ff;\"><strong>NON SOLO TRATTAMENTI. I CORSI FORMATIVI<\/strong><\/span><\/p>\n<p>Presso il nostro centro potrai ottenere informazioni riguardo <strong>corsi formativi sulle varie tecniche di massaggio ed Est\u00e9tica<\/strong>, potrai inoltre richiedere formazione breve su alcuni percorsi massaggio, effettuati presso il centro stesso, con rilascio di attestato partecipazione.<\/p>\n<p>&nbsp;<\/p>\n","protected":false},"excerpt":{"rendered":"<p>Professionalit\u00e0 prima regola&#8230; &#8230;e pulizia e qualit\u00e0 nel metodo. Il Centro Estetica e Massaggi Studio Ieda offre servizi al cliente a 360\u00b0 con l&#8217;obiettivo di accompagnarvi in un percorso di benessere, prendendosi cura di s\u00e8, mantenendosi pi\u00f9 giovani e sani&#8230;<span class=\"read-more\"><a href=\"https:\/\/esteticaperlavita.com\/website\/il-centro\/\">Continue Reading &rarr;<\/a><\/span><\/p>\n","protected":false},"author":1,"featured_media":0,"parent":0,"menu_order":0,"comment_status":"closed","ping_status":"closed","template":"singola_colonna.php","meta":{"ngg_post_thumbnail":0,"footnotes":""},"class_list":["post-14","page","type-page","status-publish","hentry"],"yoast_head":"<!-- This site is optimized with the Yoast SEO plugin v27.5 - https:\/\/yoast.com\/product\/yoast-seo-wordpress\/ -->\n<title>Il centro - Studio Ieda - Estetica e massaggi - Udine<\/title>\n<meta name=\"robots\" content=\"index, follow, max-snippet:-1, max-image-preview:large, max-video-preview:-1\" \/>\n<link rel=\"canonical\" href=\"https:\/\/esteticaperlavita.com\/website\/il-centro\/\" \/>\n<meta property=\"og:locale\" content=\"it_IT\" \/>\n<meta property=\"og:type\" content=\"article\" \/>\n<meta property=\"og:title\" content=\"Il centro - Studio Ieda - Estetica e massaggi - Udine\" \/>\n<meta property=\"og:description\" content=\"Professionalit\u00e0 prima regola&#8230; &#8230;e pulizia e qualit\u00e0 nel metodo. Il Centro Estetica e Massaggi Studio Ieda offre servizi al cliente a 360\u00b0 con l&#8217;obiettivo di accompagnarvi in un percorso di benessere, prendendosi cura di s\u00e8, mantenendosi pi\u00f9 giovani e sani...Continue Reading &rarr;\" \/>\n<meta property=\"og:url\" content=\"https:\/\/esteticaperlavita.com\/website\/il-centro\/\" \/>\n<meta property=\"og:site_name\" content=\"Studio Ieda - Estetica e massaggi - Udine\" \/>\n<meta property=\"article:modified_time\" content=\"2017-07-28T08:36:15+00:00\" \/>\n<meta property=\"og:image\" content=\"https:\/\/esteticaperlavita.com\/website\/wp-content\/uploads\/2017\/07\/centro_estetica_udine_studio_ieda_giaiotto_05-576x1024.jpg\" \/>\n<meta name=\"twitter:card\" content=\"summary_large_image\" \/>\n<meta name=\"twitter:label1\" content=\"Tempo di lettura stimato\" \/>\n\t<meta name=\"twitter:data1\" content=\"1 minuto\" \/>\n<script type=\"application\/ld+json\" class=\"yoast-schema-graph\">{\"@context\":\"https:\\\/\\\/schema.org\",\"@graph\":[{\"@type\":\"WebPage\",\"@id\":\"https:\\\/\\\/esteticaperlavita.com\\\/website\\\/il-centro\\\/\",\"url\":\"https:\\\/\\\/esteticaperlavita.com\\\/website\\\/il-centro\\\/\",\"name\":\"Il centro - Studio Ieda - Estetica e massaggi - Udine\",\"isPartOf\":{\"@id\":\"https:\\\/\\\/esteticaperlavita.com\\\/website\\\/#website\"},\"primaryImageOfPage\":{\"@id\":\"https:\\\/\\\/esteticaperlavita.com\\\/website\\\/il-centro\\\/#primaryimage\"},\"image\":{\"@id\":\"https:\\\/\\\/esteticaperlavita.com\\\/website\\\/il-centro\\\/#primaryimage\"},\"thumbnailUrl\":\"https:\\\/\\\/esteticaperlavita.com\\\/website\\\/wp-content\\\/uploads\\\/2017\\\/07\\\/centro_estetica_udine_studio_ieda_giaiotto_05-576x1024.jpg\",\"datePublished\":\"2017-07-25T14:26:44+00:00\",\"dateModified\":\"2017-07-28T08:36:15+00:00\",\"breadcrumb\":{\"@id\":\"https:\\\/\\\/esteticaperlavita.com\\\/website\\\/il-centro\\\/#breadcrumb\"},\"inLanguage\":\"it-IT\",\"potentialAction\":[{\"@type\":\"ReadAction\",\"target\":[\"https:\\\/\\\/esteticaperlavita.com\\\/website\\\/il-centro\\\/\"]}]},{\"@type\":\"ImageObject\",\"inLanguage\":\"it-IT\",\"@id\":\"https:\\\/\\\/esteticaperlavita.com\\\/website\\\/il-centro\\\/#primaryimage\",\"url\":\"https:\\\/\\\/esteticaperlavita.com\\\/website\\\/wp-content\\\/uploads\\\/2017\\\/07\\\/centro_estetica_udine_studio_ieda_giaiotto_05.jpg\",\"contentUrl\":\"https:\\\/\\\/esteticaperlavita.com\\\/website\\\/wp-content\\\/uploads\\\/2017\\\/07\\\/centro_estetica_udine_studio_ieda_giaiotto_05.jpg\",\"width\":900,\"height\":1600},{\"@type\":\"BreadcrumbList\",\"@id\":\"https:\\\/\\\/esteticaperlavita.com\\\/website\\\/il-centro\\\/#breadcrumb\",\"itemListElement\":[{\"@type\":\"ListItem\",\"position\":1,\"name\":\"Home\",\"item\":\"https:\\\/\\\/esteticaperlavita.com\\\/website\\\/\"},{\"@type\":\"ListItem\",\"position\":2,\"name\":\"Il centro\"}]},{\"@type\":\"WebSite\",\"@id\":\"https:\\\/\\\/esteticaperlavita.com\\\/website\\\/#website\",\"url\":\"https:\\\/\\\/esteticaperlavita.com\\\/website\\\/\",\"name\":\"Studio Ieda - Estetica e massaggi - Udine\",\"description\":\"Estetica per la vita\",\"publisher\":{\"@id\":\"https:\\\/\\\/esteticaperlavita.com\\\/website\\\/#organization\"},\"potentialAction\":[{\"@type\":\"SearchAction\",\"target\":{\"@type\":\"EntryPoint\",\"urlTemplate\":\"https:\\\/\\\/esteticaperlavita.com\\\/website\\\/?s={search_term_string}\"},\"query-input\":{\"@type\":\"PropertyValueSpecification\",\"valueRequired\":true,\"valueName\":\"search_term_string\"}}],\"inLanguage\":\"it-IT\"},{\"@type\":\"Organization\",\"@id\":\"https:\\\/\\\/esteticaperlavita.com\\\/website\\\/#organization\",\"name\":\"Studio Ieda - Estetica e massaggi - Udine\",\"url\":\"https:\\\/\\\/esteticaperlavita.com\\\/website\\\/\",\"logo\":{\"@type\":\"ImageObject\",\"inLanguage\":\"it-IT\",\"@id\":\"https:\\\/\\\/esteticaperlavita.com\\\/website\\\/#\\\/schema\\\/logo\\\/image\\\/\",\"url\":\"https:\\\/\\\/esteticaperlavita.com\\\/website\\\/wp-content\\\/uploads\\\/2017\\\/07\\\/logo-definitivo.png\",\"contentUrl\":\"https:\\\/\\\/esteticaperlavita.com\\\/website\\\/wp-content\\\/uploads\\\/2017\\\/07\\\/logo-definitivo.png\",\"width\":595,\"height\":842,\"caption\":\"Studio Ieda - Estetica e massaggi - Udine\"},\"image\":{\"@id\":\"https:\\\/\\\/esteticaperlavita.com\\\/website\\\/#\\\/schema\\\/logo\\\/image\\\/\"}}]}<\/script>\n<!-- \/ Yoast SEO plugin. -->","yoast_head_json":{"title":"Il centro - Studio Ieda - Estetica e massaggi - Udine","robots":{"index":"index","follow":"follow","max-snippet":"max-snippet:-1","max-image-preview":"max-image-preview:large","max-video-preview":"max-video-preview:-1"},"canonical":"https:\/\/esteticaperlavita.com\/website\/il-centro\/","og_locale":"it_IT","og_type":"article","og_title":"Il centro - Studio Ieda - Estetica e massaggi - Udine","og_description":"Professionalit\u00e0 prima regola&#8230; &#8230;e pulizia e qualit\u00e0 nel metodo. Il Centro Estetica e Massaggi Studio Ieda offre servizi al cliente a 360\u00b0 con l&#8217;obiettivo di accompagnarvi in un percorso di benessere, prendendosi cura di s\u00e8, mantenendosi pi\u00f9 giovani e sani...Continue Reading &rarr;","og_url":"https:\/\/esteticaperlavita.com\/website\/il-centro\/","og_site_name":"Studio Ieda - Estetica e massaggi - Udine","article_modified_time":"2017-07-28T08:36:15+00:00","og_image":[{"url":"https:\/\/esteticaperlavita.com\/website\/wp-content\/uploads\/2017\/07\/centro_estetica_udine_studio_ieda_giaiotto_05-576x1024.jpg","type":"","width":"","height":""}],"twitter_card":"summary_large_image","twitter_misc":{"Tempo di lettura stimato":"1 minuto"},"schema":{"@context":"https:\/\/schema.org","@graph":[{"@type":"WebPage","@id":"https:\/\/esteticaperlavita.com\/website\/il-centro\/","url":"https:\/\/esteticaperlavita.com\/website\/il-centro\/","name":"Il centro - Studio Ieda - Estetica e massaggi - Udine","isPartOf":{"@id":"https:\/\/esteticaperlavita.com\/website\/#website"},"primaryImageOfPage":{"@id":"https:\/\/esteticaperlavita.com\/website\/il-centro\/#primaryimage"},"image":{"@id":"https:\/\/esteticaperlavita.com\/website\/il-centro\/#primaryimage"},"thumbnailUrl":"https:\/\/esteticaperlavita.com\/website\/wp-content\/uploads\/2017\/07\/centro_estetica_udine_studio_ieda_giaiotto_05-576x1024.jpg","datePublished":"2017-07-25T14:26:44+00:00","dateModified":"2017-07-28T08:36:15+00:00","breadcrumb":{"@id":"https:\/\/esteticaperlavita.com\/website\/il-centro\/#breadcrumb"},"inLanguage":"it-IT","potentialAction":[{"@type":"ReadAction","target":["https:\/\/esteticaperlavita.com\/website\/il-centro\/"]}]},{"@type":"ImageObject","inLanguage":"it-IT","@id":"https:\/\/esteticaperlavita.com\/website\/il-centro\/#primaryimage","url":"https:\/\/esteticaperlavita.com\/website\/wp-content\/uploads\/2017\/07\/centro_estetica_udine_studio_ieda_giaiotto_05.jpg","contentUrl":"https:\/\/esteticaperlavita.com\/website\/wp-content\/uploads\/2017\/07\/centro_estetica_udine_studio_ieda_giaiotto_05.jpg","width":900,"height":1600},{"@type":"BreadcrumbList","@id":"https:\/\/esteticaperlavita.com\/website\/il-centro\/#breadcrumb","itemListElement":[{"@type":"ListItem","position":1,"name":"Home","item":"https:\/\/esteticaperlavita.com\/website\/"},{"@type":"ListItem","position":2,"name":"Il centro"}]},{"@type":"WebSite","@id":"https:\/\/esteticaperlavita.com\/website\/#website","url":"https:\/\/esteticaperlavita.com\/website\/","name":"Studio Ieda - Estetica e massaggi - Udine","description":"Estetica per la vita","publisher":{"@id":"https:\/\/esteticaperlavita.com\/website\/#organization"},"potentialAction":[{"@type":"SearchAction","target":{"@type":"EntryPoint","urlTemplate":"https:\/\/esteticaperlavita.com\/website\/?s={search_term_string}"},"query-input":{"@type":"PropertyValueSpecification","valueRequired":true,"valueName":"search_term_string"}}],"inLanguage":"it-IT"},{"@type":"Organization","@id":"https:\/\/esteticaperlavita.com\/website\/#organization","name":"Studio Ieda - Estetica e massaggi - Udine","url":"https:\/\/esteticaperlavita.com\/website\/","logo":{"@type":"ImageObject","inLanguage":"it-IT","@id":"https:\/\/esteticaperlavita.com\/website\/#\/schema\/logo\/image\/","url":"https:\/\/esteticaperlavita.com\/website\/wp-content\/uploads\/2017\/07\/logo-definitivo.png","contentUrl":"https:\/\/esteticaperlavita.com\/website\/wp-content\/uploads\/2017\/07\/logo-definitivo.png","width":595,"height":842,"caption":"Studio Ieda - Estetica e massaggi - Udine"},"image":{"@id":"https:\/\/esteticaperlavita.com\/website\/#\/schema\/logo\/image\/"}}]}},"_links":{"self":[{"href":"https:\/\/esteticaperlavita.com\/website\/wp-json\/wp\/v2\/pages\/14","targetHints":{"allow":["GET"]}}],"collection":[{"href":"https:\/\/esteticaperlavita.com\/website\/wp-json\/wp\/v2\/pages"}],"about":[{"href":"https:\/\/esteticaperlavita.com\/website\/wp-json\/wp\/v2\/types\/page"}],"author":[{"embeddable":true,"href":"https:\/\/esteticaperlavita.com\/website\/wp-json\/wp\/v2\/users\/1"}],"replies":[{"embeddable":true,"href":"https:\/\/esteticaperlavita.com\/website\/wp-json\/wp\/v2\/comments?post=14"}],"version-history":[{"count":4,"href":"https:\/\/esteticaperlavita.com\/website\/wp-json\/wp\/v2\/pages\/14\/revisions"}],"predecessor-version":[{"id":65,"href":"https:\/\/esteticaperlavita.com\/website\/wp-json\/wp\/v2\/pages\/14\/revisions\/65"}],"wp:attachment":[{"href":"https:\/\/esteticaperlavita.com\/website\/wp-json\/wp\/v2\/media?parent=14"}],"curies":[{"name":"wp","href":"https:\/\/api.w.org\/{rel}","templated":true}]}}